{"id":64,"date":"2016-11-19T16:38:05","date_gmt":"2016-11-19T15:38:05","guid":{"rendered":"http:\/\/www.kuta.cz\/?page_id=64"},"modified":"2019-01-28T06:55:41","modified_gmt":"2019-01-28T05:55:41","slug":"ubytovani","status":"publish","type":"page","link":"https:\/\/www.kuta.cz\/de\/ubytovani\/","title":{"rendered":"Unterkunft"},"content":{"rendered":"<div class=\"row \">\n<div class=\"span8 \"><img decoding=\"async\" src=\"\/wp-content\/uploads\/2016\/11\/ubytovani-1.jpg\" alt=\"Unterkunft\" \/><\/p>\n<p style=\"color: #005fad; font-size: 20px; font-family: 'Open sans',sans-serif; font-weight: 300; line-height: 28px;\"><div class=\"spacer\"><\/div><!-- .spacer (end) -->\n<p style=\"color: #005fad; font-size: 20px; font-family: 'Open sans',sans-serif; font-weight: 300; line-height: 28px;\">Sowohl den Mietern als auch den angekommenen G\u00e4sten stehen zwei einzelne Hotel-\u00e4hnliche (***) Appartements (10 Betten) zur Verf\u00fcgung.<\/p>\n<p>&nbsp;<\/p>\n<blockquote><p>Jedes Appartement besteht aus 2 Zimmer (1mal eheliches Doppelbett, 1mal 2 Betten + zerlegbares Sofa - Aufbettung). Appartement ist mit neuem M\u00f6bel, TV mit Satellitenreceiver, Telefon, WC, Dusche, Vorzimmer mit Minibar und Garderobe ausgestattet.<\/p><\/blockquote>\n<hr \/>\n<h2>Preisliste<\/h2>\n<p>Preis pro Person\/ Nacht abh\u00e4ngig von Personenzahl im Appartement:<\/p>\n<table>\n<tbody>\n<tr>\n<td style=\"width: 120px;\">1 Person<\/td>\n<td><strong>1.350 CZK \/ person<\/strong><\/td>\n<\/tr>\n<tr>\n<td>2 Personen<\/td>\n<td><strong>1.100 CZK \/ person<\/strong><\/td>\n<td><\/td>\n<\/tr>\n<tr>\n<td>3-4 Personen<\/td>\n<td><strong>950 CZK \/ person<\/strong><\/td>\n<td><\/td>\n<\/tr>\n<tr>\n<td>Fr\u00fchst\u00fcck<\/td>\n<td><strong>110 CZK \/ person<\/strong><\/td>\n<td><\/td>\n<\/tr>\n<tr>\n<td>Parkgeb\u00fchr<\/td>\n<td><strong>80 CZK \/\u00a0<\/strong><span style=\"color: #000000;\"><span style=\"caret-color: #000000;\"><b>Fahrzeug<\/b><\/span><\/span><\/td>\n<td><\/td>\n<\/tr>\n<\/tbody>\n<\/table>\n<hr \/>\n<p><strong>Preise g\u00fcltig ab 1.1.2019<\/strong><br \/>\nAngegebene Preise verstehen sich inklusive der gesetzlichen Mehrwertsteuer.<\/p>\n<p>Weitere Informationen am:<\/p>\n<p><strong>Office<\/strong> Mon - Fre 8:00 - 16:00 Uhr<br \/>\n<strong>Empfang<\/strong> rund um die Uhr<\/p><\/div>\n<div class=\"span4 \"><h2>Adresse<\/h2>\n<h3 style=\"text-transform: none;\">KUTA Centrum s.r.o.<br \/>\nZelen\u00fd pruh 95\/97<br \/>\n140\u00a000\u00a0Prag\u00a04<\/h3>\n<p><strong>B\u00fcro<\/strong><br \/>\ntel.: <a href=\"tel:+420227230222\">+420 227 230 222<\/a><br \/>\nmob.: <a href=\"tel:+420602220088\">+420 602 220 088<\/a><br \/>\nfax: +420 227 230 000<\/p>\n<p><strong>Empfangsb\u00fcro<\/strong><br \/>\ntel.: <a href=\"tel:+420227027111\">+420 227 027 111<\/a><br \/>\nmob.: <a href=\"tel:+420602230222\">+420 602 230 222<\/a><br \/>\ne-mail: <a href=\"mailto:info@kuta.cz\">info@kuta.cz<\/a><br \/>\n<a href=\"\/kontakt\/\" title=\"Ich habe Interesse\" class=\"btn btn-primary btn-normal btn-inline extra_primary\" target=\"_parent\">Ich habe Interesse<\/a><!-- .btn -->\n<div class=\"list styled arrow-list\">\n<ul>\n<li><a href=\"\/volne-prostory-na-pronajem\/\">Freifl\u00e4chen<\/a><\/li>\n<li><a href=\"\/o-nas\/\">Wiw Bieten<\/a><\/li>\n<li><a href=\"\/fotogalerie\/\">Galerie<\/a><\/li>\n<li><a href=\"\/kontakt\/\">Karten und Verf\u00fcgbarkeit<\/a><\/li>\n<\/ul>\n<\/div><\/div>\n<\/div><!-- .row (end) -->","protected":false},"excerpt":{"rendered":"","protected":false},"author":1,"featured_media":0,"parent":0,"menu_order":0,"comment_status":"closed","ping_status":"closed","template":"page-fullwidth.php","meta":{"footnotes":""},"class_list":["post-64","page","type-page","status-publish","hentry"],"_links":{"self":[{"href":"https:\/\/www.kuta.cz\/de\/wp-json\/wp\/v2\/pages\/64","targetHints":{"allow":["GET"]}}],"collection":[{"href":"https:\/\/www.kuta.cz\/de\/wp-json\/wp\/v2\/pages"}],"about":[{"href":"https:\/\/www.kuta.cz\/de\/wp-json\/wp\/v2\/types\/page"}],"author":[{"embeddable":true,"href":"https:\/\/www.kuta.cz\/de\/wp-json\/wp\/v2\/users\/1"}],"replies":[{"embeddable":true,"href":"https:\/\/www.kuta.cz\/de\/wp-json\/wp\/v2\/comments?post=64"}],"version-history":[{"count":21,"href":"https:\/\/www.kuta.cz\/de\/wp-json\/wp\/v2\/pages\/64\/revisions"}],"predecessor-version":[{"id":406,"href":"https:\/\/www.kuta.cz\/de\/wp-json\/wp\/v2\/pages\/64\/revisions\/406"}],"wp:attachment":[{"href":"https:\/\/www.kuta.cz\/de\/wp-json\/wp\/v2\/media?parent=64"}],"curies":[{"name":"wp","href":"https:\/\/api.w.org\/{rel}","templated":true}]}}